{"id":658,"date":"2021-04-23T21:01:55","date_gmt":"2021-04-23T21:01:55","guid":{"rendered":"https:\/\/paintingqueen.art\/?post_type=product&#038;p=658"},"modified":"2026-01-06T22:59:24","modified_gmt":"2026-01-06T22:59:24","slug":"sueno-de-verano","status":"publish","type":"product","link":"https:\/\/paintingqueen.art\/de\/tienda\/year\/2021\/sueno-de-verano\/","title":{"rendered":"SUE\u00d1O DE VERANO"},"content":{"rendered":"<p>SUE\u00d1O DE VERANO<br \/>\nMIXED TECHNIQUE ON CANVAS FRAME<br \/>\n40 X 40 CM<br \/>\n2021<br \/>\nSWITZERLAND<\/p>","protected":false},"excerpt":{"rendered":"<p class=\"\" data-start=\"394\" data-end=\"629\"><strong data-start=\"394\" data-end=\"405\">Technik:<\/strong> Mischtechnik auf Leinwandrahmen<br data-start=\"433\" data-end=\"436\" \/><strong data-start=\"436\" data-end=\"451\">Masse:<\/strong> 40 x 40 cm<br data-start=\"462\" data-end=\"465\" \/><strong data-start=\"465\" data-end=\"474\">Jahr:<\/strong> 2021<br data-start=\"536\" data-end=\"539\" \/><strong data-start=\"539\" data-end=\"549\">Stil:<\/strong> Lyrische Abstraktion mit expressiven floralen Elementen und traumhafter Atmosph\u00e4re.<\/p>\n<p class=\"\" data-start=\"1239\" data-end=\"1538\"><strong data-start=\"1239\" data-end=\"1255\">Beschreibung<\/strong><br data-start=\"1255\" data-end=\"1258\" \/><em data-start=\"1258\" data-end=\"1272\">Sue\u00f1o de Verano<\/em> entf\u00fchrt uns in einen emotionalen Garten, in dem Farben wie sinnliche Erinnerungen fliessen. Ausdrucksstarke Pinselstriche und transparente Lasuren formen herabfallende Bl\u00fctenformen. Ein t\u00fcrkisfarbener Kolibri durchbricht die Szene mit vibrierender Energie \u2013 wie ein eingefrorener Moment im Traum.<\/p>\n<p class=\"\" data-start=\"1540\" data-end=\"1869\"><strong data-start=\"1540\" data-end=\"1567\">Bedeutung und Relevanz<\/strong><br data-start=\"1567\" data-end=\"1570\" \/>Dieses Werk f\u00e4ngt den Sommer nicht als Jahreszeit, sondern als Gef\u00fchl ein \u2013 warm, fl\u00fcchtig, voller Sehnsucht und Stille. Es l\u00e4dt dazu ein, innezuhalten und das Leichte, das Lebendige, das Verg\u00e4ngliche zu w\u00fcrdigen. Gemalt 2021 in der Schweiz, strahlt es leuchtende Nostalgie in freien Farbschichten aus.<\/p>","protected":false},"featured_media":652,"template":"","meta":{"site-sidebar-layout":"default","site-content-layout":"default","ast-site-content-layout":"default","site-content-style":"default","site-sidebar-style":"default","ast-global-header-display":"","ast-banner-title-visibility":"","ast-main-header-display":"","ast-hfb-above-header-display":"","ast-hfb-below-header-display":"","ast-hfb-mobile-header-display":"","site-post-title":"","ast-breadcrumbs-content":"","ast-featured-img":"","footer-sml-layout":"","ast-disable-related-posts":"","theme-transparent-header-meta":"default","adv-header-id-meta":"","stick-header-meta":"","header-above-stick-meta":"","header-main-stick-meta":"","header-below-stick-meta":"","astra-migrate-meta-layouts":"set","ast-page-background-enabled":"default","ast-page-background-meta":{"desktop":{"background-color":"","background-image":"","background-repeat":"repeat","background-position":"center center","background-size":"auto","background-attachment":"scroll","background-type":"","background-media":"","overlay-type":"","overlay-color":"","overlay-opacity":"","overlay-gradient":""},"tablet":{"background-color":"","background-image":"","background-repeat":"repeat","background-position":"center center","background-size":"auto","background-attachment":"scroll","background-type":"","background-media":"","overlay-type":"","overlay-color":"","overlay-opacity":"","overlay-gradient":""},"mobile":{"background-color":"","background-image":"","background-repeat":"repeat","background-position":"center center","background-size":"auto","background-attachment":"scroll","background-type":"","background-media":"","overlay-type":"","overlay-color":"","overlay-opacity":"","overlay-gradient":""}},"ast-content-background-meta":{"desktop":{"background-color":"var(--ast-global-color-5)","background-image":"","background-repeat":"repeat","background-position":"center center","background-size":"auto","background-attachment":"scroll","background-type":"","background-media":"","overlay-type":"","overlay-color":"","overlay-opacity":"","overlay-gradient":""},"tablet":{"background-color":"var(--ast-global-color-5)","background-image":"","background-repeat":"repeat","background-position":"center center","background-size":"auto","background-attachment":"scroll","background-type":"","background-media":"","overlay-type":"","overlay-color":"","overlay-opacity":"","overlay-gradient":""},"mobile":{"background-color":"var(--ast-global-color-5)","background-image":"","background-repeat":"repeat","background-position":"center center","background-size":"auto","background-attachment":"scroll","background-type":"","background-media":"","overlay-type":"","overlay-color":"","overlay-opacity":"","overlay-gradient":""}},"_joinchat":[]},"product_brand":[],"product_cat":[340,329,319,15],"product_tag":[],"class_list":{"0":"post-658","1":"product","2":"type-product","3":"status-publish","4":"has-post-thumbnail","6":"product_cat-340","7":"product_cat-abstract","8":"product_cat-acrylic","9":"product_cat-technique","10":"desktop-align-left","11":"tablet-align-left","12":"mobile-align-left","14":"first","15":"instock","16":"taxable","17":"shipping-taxable","18":"purchasable","19":"product-type-simple"},"yoast_head":"<!-- This site is optimized with the Yoast SEO plugin v27.5 - https:\/\/yoast.com\/product\/yoast-seo-wordpress\/ -->\n<title>SUE\u00d1O DE VERANO - Painting Queen<\/title>\n<meta name=\"robots\" content=\"index, follow, max-snippet:-1, max-image-preview:large, max-video-preview:-1\" \/>\n<link rel=\"canonical\" href=\"https:\/\/paintingqueen.art\/de\/tienda\/year\/2021\/sueno-de-verano\/\" \/>\n<meta property=\"og:locale\" content=\"de_DE\" \/>\n<meta property=\"og:type\" content=\"article\" \/>\n<meta property=\"og:title\" content=\"SUE\u00d1O DE VERANO - Painting Queen\" \/>\n<meta property=\"og:description\" content=\"Medium: Mixed media on canvas frameDimensions: 40 x 40 cmYear: 2021Style: Lyrical abstraction with expressive floral elements and a dreamlike atmosphere. Description:Summer Dream transports us to an emotional garden, where color flows like a sensory memory. Expressive brushstrokes and translucent washes suggest cascading florals suspended in time. A turquoise hummingbird bursts into the composition, freezing the moment in a dreamlike pause. Meaning &amp; Significance:This piece captures summer not as a season, but as a feeling \u2014 warm, fleeting, filled with longing and serenity. It invites the viewer to pause and embrace the ephemeral beauty of nature and emotion. Painted in Switzerland in 2021, it offers a luminous nostalgia through layered, intuitive gestures.\" \/>\n<meta property=\"og:url\" content=\"https:\/\/paintingqueen.art\/de\/tienda\/year\/2021\/sueno-de-verano\/\" \/>\n<meta property=\"og:site_name\" content=\"Painting Queen\" \/>\n<meta property=\"article:modified_time\" content=\"2026-01-06T22:59:24+00:00\" \/>\n<meta property=\"og:image\" content=\"https:\/\/paintingqueen.art\/wp-content\/uploads\/2021\/04\/DSC_2639-scaled.jpg\" \/>\n\t<meta property=\"og:image:width\" content=\"1709\" \/>\n\t<meta property=\"og:image:height\" content=\"2560\" \/>\n\t<meta property=\"og:image:type\" content=\"image\/jpeg\" \/>\n<meta name=\"twitter:card\" content=\"summary_large_image\" \/>\n<meta name=\"twitter:label1\" content=\"Gesch\u00e4tzte Lesezeit\" \/>\n\t<meta name=\"twitter:data1\" content=\"1\u00a0Minute\" \/>\n<script type=\"application\/ld+json\" class=\"yoast-schema-graph\">{\"@context\":\"https:\\\/\\\/schema.org\",\"@graph\":[{\"@type\":\"WebPage\",\"@id\":\"https:\\\/\\\/paintingqueen.art\\\/tienda\\\/year\\\/2021\\\/sueno-de-verano\\\/\",\"url\":\"https:\\\/\\\/paintingqueen.art\\\/tienda\\\/year\\\/2021\\\/sueno-de-verano\\\/\",\"name\":\"SUE\u00d1O DE VERANO - Painting Queen\",\"isPartOf\":{\"@id\":\"https:\\\/\\\/paintingqueen.art\\\/#website\"},\"primaryImageOfPage\":{\"@id\":\"https:\\\/\\\/paintingqueen.art\\\/tienda\\\/year\\\/2021\\\/sueno-de-verano\\\/#primaryimage\"},\"image\":{\"@id\":\"https:\\\/\\\/paintingqueen.art\\\/tienda\\\/year\\\/2021\\\/sueno-de-verano\\\/#primaryimage\"},\"thumbnailUrl\":\"https:\\\/\\\/paintingqueen.art\\\/wp-content\\\/uploads\\\/2021\\\/04\\\/DSC_2639-scaled.jpg\",\"datePublished\":\"2021-04-23T21:01:55+00:00\",\"dateModified\":\"2026-01-06T22:59:24+00:00\",\"breadcrumb\":{\"@id\":\"https:\\\/\\\/paintingqueen.art\\\/tienda\\\/year\\\/2021\\\/sueno-de-verano\\\/#breadcrumb\"},\"inLanguage\":\"de-CH\",\"potentialAction\":[{\"@type\":\"ReadAction\",\"target\":[\"https:\\\/\\\/paintingqueen.art\\\/tienda\\\/year\\\/2021\\\/sueno-de-verano\\\/\"]}]},{\"@type\":\"ImageObject\",\"inLanguage\":\"de-CH\",\"@id\":\"https:\\\/\\\/paintingqueen.art\\\/tienda\\\/year\\\/2021\\\/sueno-de-verano\\\/#primaryimage\",\"url\":\"https:\\\/\\\/paintingqueen.art\\\/wp-content\\\/uploads\\\/2021\\\/04\\\/DSC_2639-scaled.jpg\",\"contentUrl\":\"https:\\\/\\\/paintingqueen.art\\\/wp-content\\\/uploads\\\/2021\\\/04\\\/DSC_2639-scaled.jpg\",\"width\":1709,\"height\":2560},{\"@type\":\"BreadcrumbList\",\"@id\":\"https:\\\/\\\/paintingqueen.art\\\/tienda\\\/year\\\/2021\\\/sueno-de-verano\\\/#breadcrumb\",\"itemListElement\":[{\"@type\":\"ListItem\",\"position\":1,\"name\":\"Portada\",\"item\":\"https:\\\/\\\/paintingqueen.art\\\/\"},{\"@type\":\"ListItem\",\"position\":2,\"name\":\"Produkte\",\"item\":\"https:\\\/\\\/paintingqueen.art\\\/de\\\/shop\\\/\"},{\"@type\":\"ListItem\",\"position\":3,\"name\":\"SUE\u00d1O DE VERANO\"}]},{\"@type\":\"WebSite\",\"@id\":\"https:\\\/\\\/paintingqueen.art\\\/#website\",\"url\":\"https:\\\/\\\/paintingqueen.art\\\/\",\"name\":\"Painting Queen\",\"description\":\"Visual Artist\",\"publisher\":{\"@id\":\"https:\\\/\\\/paintingqueen.art\\\/#organization\"},\"potentialAction\":[{\"@type\":\"SearchAction\",\"target\":{\"@type\":\"EntryPoint\",\"urlTemplate\":\"https:\\\/\\\/paintingqueen.art\\\/?s={search_term_string}\"},\"query-input\":{\"@type\":\"PropertyValueSpecification\",\"valueRequired\":true,\"valueName\":\"search_term_string\"}}],\"inLanguage\":\"de-CH\"},{\"@type\":\"Organization\",\"@id\":\"https:\\\/\\\/paintingqueen.art\\\/#organization\",\"name\":\"Painting Queen\",\"url\":\"https:\\\/\\\/paintingqueen.art\\\/\",\"logo\":{\"@type\":\"ImageObject\",\"inLanguage\":\"de-CH\",\"@id\":\"https:\\\/\\\/paintingqueen.art\\\/#\\\/schema\\\/logo\\\/image\\\/\",\"url\":\"https:\\\/\\\/paintingqueen.art\\\/wp-content\\\/uploads\\\/2021\\\/04\\\/cropped-ONDA.-1-1.jpg\",\"contentUrl\":\"https:\\\/\\\/paintingqueen.art\\\/wp-content\\\/uploads\\\/2021\\\/04\\\/cropped-ONDA.-1-1.jpg\",\"width\":459,\"height\":118,\"caption\":\"Painting Queen\"},\"image\":{\"@id\":\"https:\\\/\\\/paintingqueen.art\\\/#\\\/schema\\\/logo\\\/image\\\/\"}}]}<\/script>\n<!-- \/ Yoast SEO plugin. -->","yoast_head_json":{"title":"SUE\u00d1O DE VERANO - Painting Queen","robots":{"index":"index","follow":"follow","max-snippet":"max-snippet:-1","max-image-preview":"max-image-preview:large","max-video-preview":"max-video-preview:-1"},"canonical":"https:\/\/paintingqueen.art\/de\/tienda\/year\/2021\/sueno-de-verano\/","og_locale":"de_DE","og_type":"article","og_title":"SUE\u00d1O DE VERANO - Painting Queen","og_description":"Medium: Mixed media on canvas frameDimensions: 40 x 40 cmYear: 2021Style: Lyrical abstraction with expressive floral elements and a dreamlike atmosphere. Description:Summer Dream transports us to an emotional garden, where color flows like a sensory memory. Expressive brushstrokes and translucent washes suggest cascading florals suspended in time. A turquoise hummingbird bursts into the composition, freezing the moment in a dreamlike pause. Meaning &amp; Significance:This piece captures summer not as a season, but as a feeling \u2014 warm, fleeting, filled with longing and serenity. It invites the viewer to pause and embrace the ephemeral beauty of nature and emotion. Painted in Switzerland in 2021, it offers a luminous nostalgia through layered, intuitive gestures.","og_url":"https:\/\/paintingqueen.art\/de\/tienda\/year\/2021\/sueno-de-verano\/","og_site_name":"Painting Queen","article_modified_time":"2026-01-06T22:59:24+00:00","og_image":[{"width":1709,"height":2560,"url":"https:\/\/paintingqueen.art\/wp-content\/uploads\/2021\/04\/DSC_2639-scaled.jpg","type":"image\/jpeg"}],"twitter_card":"summary_large_image","twitter_misc":{"Gesch\u00e4tzte Lesezeit":"1\u00a0Minute"},"schema":{"@context":"https:\/\/schema.org","@graph":[{"@type":"WebPage","@id":"https:\/\/paintingqueen.art\/tienda\/year\/2021\/sueno-de-verano\/","url":"https:\/\/paintingqueen.art\/tienda\/year\/2021\/sueno-de-verano\/","name":"SUE\u00d1O DE VERANO - Painting Queen","isPartOf":{"@id":"https:\/\/paintingqueen.art\/#website"},"primaryImageOfPage":{"@id":"https:\/\/paintingqueen.art\/tienda\/year\/2021\/sueno-de-verano\/#primaryimage"},"image":{"@id":"https:\/\/paintingqueen.art\/tienda\/year\/2021\/sueno-de-verano\/#primaryimage"},"thumbnailUrl":"https:\/\/paintingqueen.art\/wp-content\/uploads\/2021\/04\/DSC_2639-scaled.jpg","datePublished":"2021-04-23T21:01:55+00:00","dateModified":"2026-01-06T22:59:24+00:00","breadcrumb":{"@id":"https:\/\/paintingqueen.art\/tienda\/year\/2021\/sueno-de-verano\/#breadcrumb"},"inLanguage":"de-CH","potentialAction":[{"@type":"ReadAction","target":["https:\/\/paintingqueen.art\/tienda\/year\/2021\/sueno-de-verano\/"]}]},{"@type":"ImageObject","inLanguage":"de-CH","@id":"https:\/\/paintingqueen.art\/tienda\/year\/2021\/sueno-de-verano\/#primaryimage","url":"https:\/\/paintingqueen.art\/wp-content\/uploads\/2021\/04\/DSC_2639-scaled.jpg","contentUrl":"https:\/\/paintingqueen.art\/wp-content\/uploads\/2021\/04\/DSC_2639-scaled.jpg","width":1709,"height":2560},{"@type":"BreadcrumbList","@id":"https:\/\/paintingqueen.art\/tienda\/year\/2021\/sueno-de-verano\/#breadcrumb","itemListElement":[{"@type":"ListItem","position":1,"name":"Portada","item":"https:\/\/paintingqueen.art\/"},{"@type":"ListItem","position":2,"name":"Produkte","item":"https:\/\/paintingqueen.art\/de\/shop\/"},{"@type":"ListItem","position":3,"name":"SUE\u00d1O DE VERANO"}]},{"@type":"WebSite","@id":"https:\/\/paintingqueen.art\/#website","url":"https:\/\/paintingqueen.art\/","name":"Painting Queen","description":"Visual Artist","publisher":{"@id":"https:\/\/paintingqueen.art\/#organization"},"potentialAction":[{"@type":"SearchAction","target":{"@type":"EntryPoint","urlTemplate":"https:\/\/paintingqueen.art\/?s={search_term_string}"},"query-input":{"@type":"PropertyValueSpecification","valueRequired":true,"valueName":"search_term_string"}}],"inLanguage":"de-CH"},{"@type":"Organization","@id":"https:\/\/paintingqueen.art\/#organization","name":"Painting Queen","url":"https:\/\/paintingqueen.art\/","logo":{"@type":"ImageObject","inLanguage":"de-CH","@id":"https:\/\/paintingqueen.art\/#\/schema\/logo\/image\/","url":"https:\/\/paintingqueen.art\/wp-content\/uploads\/2021\/04\/cropped-ONDA.-1-1.jpg","contentUrl":"https:\/\/paintingqueen.art\/wp-content\/uploads\/2021\/04\/cropped-ONDA.-1-1.jpg","width":459,"height":118,"caption":"Painting Queen"},"image":{"@id":"https:\/\/paintingqueen.art\/#\/schema\/logo\/image\/"}}]}},"_links":{"self":[{"href":"https:\/\/paintingqueen.art\/de\/wp-json\/wp\/v2\/product\/658","targetHints":{"allow":["GET"]}}],"collection":[{"href":"https:\/\/paintingqueen.art\/de\/wp-json\/wp\/v2\/product"}],"about":[{"href":"https:\/\/paintingqueen.art\/de\/wp-json\/wp\/v2\/types\/product"}],"wp:featuredmedia":[{"embeddable":true,"href":"https:\/\/paintingqueen.art\/de\/wp-json\/wp\/v2\/media\/652"}],"wp:attachment":[{"href":"https:\/\/paintingqueen.art\/de\/wp-json\/wp\/v2\/media?parent=658"}],"wp:term":[{"taxonomy":"product_brand","embeddable":true,"href":"https:\/\/paintingqueen.art\/de\/wp-json\/wp\/v2\/product_brand?post=658"},{"taxonomy":"product_cat","embeddable":true,"href":"https:\/\/paintingqueen.art\/de\/wp-json\/wp\/v2\/product_cat?post=658"},{"taxonomy":"product_tag","embeddable":true,"href":"https:\/\/paintingqueen.art\/de\/wp-json\/wp\/v2\/product_tag?post=658"}],"curies":[{"name":"wp","href":"https:\/\/api.w.org\/{rel}","templated":true}]}}